{"id":59415,"date":"2025-03-17T12:23:12","date_gmt":"2025-03-17T12:23:12","guid":{"rendered":"https:\/\/kraftfinans.no\/inbjudan-till-investerarlunch-kraft-eiendomsinvest-1-as\/"},"modified":"2025-11-11T11:54:07","modified_gmt":"2025-11-11T11:54:07","slug":"inbjudan-till-investerarlunch-kraft-eiendomsinvest-1-as","status":"publish","type":"page","link":"https:\/\/kraftfinans.no\/sv\/inbjudan-till-investerarlunch-kraft-eiendomsinvest-1-as\/","title":{"rendered":"Inbjudan till investerarlunch: Kraft Eiendomsinvest 1 AS"},"content":{"rendered":"\t\t<div data-elementor-type=\"wp-page\" data-elementor-id=\"59415\" class=\"elementor elementor-59415 elementor-58708\" data-elementor-post-type=\"page\">\n\t\t\t\t<div class=\"elementor-element elementor-element-74ddf6cf e-flex e-con-boxed e-con e-parent\" data-id=\"74ddf6cf\" data-element_type=\"container\" data-e-type=\"container\">\n\t\t\t\t\t<div class=\"e-con-inner\">\n\t\t\t\t<div class=\"elementor-element elementor-element-4bc609a2 elementor-widget elementor-widget-text-editor\" data-id=\"4bc609a2\" data-element_type=\"widget\" data-e-type=\"widget\" data-widget_type=\"text-editor.default\">\n\t\t\t\t<div class=\"elementor-widget-container\">\n\t\t\t\t\t\t\t\t\t<p class=\"has-text-align-center has-x-large-font-size\">Investerarlunch: Kraft Eiendomsinvest i AS<\/p>\n<p><\/p>\n<figure class=\"wp-block-image size-large\"><\/figure>\n<p><\/p>\n<p><img fetchpriority=\"high\" decoding=\"async\" class=\"aligncenter wp-image-58709 size-large\" src=\"https:\/\/kraftfinans.no\/wp-content\/uploads\/2025\/03\/TRD-3-1024x830.png\" alt=\"Kraft Finans -\" width=\"1024\" height=\"830\" srcset=\"https:\/\/kraftfinans.no\/wp-content\/uploads\/2025\/03\/TRD-3-1024x830.png 1024w, https:\/\/kraftfinans.no\/wp-content\/uploads\/2025\/03\/TRD-3-300x243.png 300w, https:\/\/kraftfinans.no\/wp-content\/uploads\/2025\/03\/TRD-3-768x622.png 768w, https:\/\/kraftfinans.no\/wp-content\/uploads\/2025\/03\/TRD-3.png 1499w\" sizes=\"(max-width: 1024px) 100vw, 1024px\" \/><\/p>\n<p>Kraft Finans vill bjuda in till en investerarlunch med presentation av fonden Kraft Eiendomsinvest I AS.  <\/p>\n<p>H\u00e4r kommer v\u00e5r fastighetsavdelning att presentera fonden, och g\u00e5 igenom fondens planer f\u00f6r en slutlig emission. Dessutom kommer vi att njuta av en god lunch tillsammans.   <\/p>\n<p><strong><u>Bra tid att investera i fastigheter<\/u><\/strong><\/p>\n<p>Det \u00e4r sp\u00e4nnande tider f\u00f6r att investera i fastigheter. Efter n\u00e5gra \u00e5r med h\u00f6g inflation och stigande r\u00e4ntor \u00e4r b\u00e5de inflation och r\u00e4ntor p\u00e5 v\u00e4g ner igen. Detta har i sin tur lett till en betydande \u00f6kning av transaktionsvolymen och en \u00f6kad optimism inom fastigheter.  <\/p>\n<p>Vad inneb\u00e4r det f\u00f6r fastighetsv\u00e4rdena och vad kan vi f\u00f6rv\u00e4nta oss i framtiden?<\/p>\n<p>Kraft Finans bjuder in till ett investerarseminarium f\u00f6r den tredje och sista nyemissionen i fonden Kraft Eiendomsinvest I AS. Detta kommer att ge en inblick i varf\u00f6r vi tror att just nu kan vara en bra tid att investera i fastigheter. \u00d6ver tid har fonden positionerat sig mot att marknaden ska \u00e5terh\u00e4mta sig.  <\/p>\n<p><em>Vi hoppas att du f\u00e5r m\u00f6jlighet att delta i vad som kommer att bli ett informellt, intressant och f\u00f6rhoppningsvis roligt investerarseminarium.  <\/em><\/p>\n<p><\/p>\n<p><\/p>\n<p><\/p>\n<p><\/p>\n<p class=\"has-text-align-center\"><a href=\"mailto:meb@kraftfinans.no?subject=Investorlunsj&amp;body=Jeg%20%C3%B8nsker%20%C3%A5%20delta%20p%C3%A5%20investorlunsj%20med%20presentasjon%20av%20fondet%20Kraft%20Eiendomsinvest%20I%20AS.%20Onsdag%2019.%20mars%20klokken%2012.00.%20\">ANM\u00c4LAN: 19 mars kl 12.00 <\/a><\/p>\n<p><a href=\"mailto:meb@kraftfinans.no?subject=Investorlunsj&amp;body=Jeg%20%C3%B8nsker%20%C3%A5%20delta%20p%C3%A5%20investorlunsj%20med%20presentasjon%20av%20fondet%20Kraft%20Eiendomsinvest%20I%20AS.%20Torsdag%2020.%20mars%20klokken%2012.00.%20\">ANM\u00c4LAN: 20 mars kl 12.00 <\/a><\/p>\n<p>Du kan ocks\u00e5 anm\u00e4la dig genom att svara p\u00e5 det h\u00e4r sms:et.  <\/p>\n<p class=\"has-text-align-center\"><span style=\"color: var( --e-global-color-text ); font-family: var( --e-global-typography-text-font-family ), Sans-serif; font-size: var( --e-global-typography-text-font-size ); font-weight: var( --e-global-typography-text-font-weight ); letter-spacing: var( --e-global-typography-text-letter-spacing );\">(Begr\u00e4nsat antal platser)<\/span><\/p>\n<p><\/p>\n<p><\/p>\n<p><\/p>\n<p><\/p>\n<h4 class=\"wp-block-heading has-text-align-center\">19 och 20 mars kl. 12.00:   <\/h4>\n<p><\/p>\n<h2 class=\"wp-block-heading has-text-align-center\">Kj\u00f8pmannsgata 37, 7011 Trondheim<\/h2>\n<p><\/p>\n<p><\/p>\t\t\t\t\t\t\t\t<\/div>\n\t\t\t\t<\/div>\n\t\t\t\t\t<\/div>\n\t\t\t\t<\/div>\n\t\t\t\t<\/div>\n\t\t","protected":false},"excerpt":{"rendered":"<p>Investerarlunch: Kraft Eiendomsinvest i AS Kraft Finans vill bjuda in till en investerarlunch med presentation av fonden Kraft Eiendomsinvest I AS. H\u00e4r kommer v\u00e5r fastighetsavdelning att presentera fonden, och g\u00e5 igenom fondens planer f\u00f6r en slutlig emission. Dessutom kommer vi att njuta av en god lunch tillsammans. Bra tid att investera i fastigheter Det \u00e4r [&hellip;]<\/p>\n","protected":false},"author":3,"featured_media":59417,"parent":0,"menu_order":0,"comment_status":"closed","ping_status":"closed","template":"","meta":{"_acf_changed":false,"content-type":"","footnotes":""},"class_list":["post-59415","page","type-page","status-publish","has-post-thumbnail","hentry"],"acf":[],"_links":{"self":[{"href":"https:\/\/kraftfinans.no\/sv\/wp-json\/wp\/v2\/pages\/59415","targetHints":{"allow":["GET"]}}],"collection":[{"href":"https:\/\/kraftfinans.no\/sv\/wp-json\/wp\/v2\/pages"}],"about":[{"href":"https:\/\/kraftfinans.no\/sv\/wp-json\/wp\/v2\/types\/page"}],"author":[{"embeddable":true,"href":"https:\/\/kraftfinans.no\/sv\/wp-json\/wp\/v2\/users\/3"}],"replies":[{"embeddable":true,"href":"https:\/\/kraftfinans.no\/sv\/wp-json\/wp\/v2\/comments?post=59415"}],"version-history":[{"count":11,"href":"https:\/\/kraftfinans.no\/sv\/wp-json\/wp\/v2\/pages\/59415\/revisions"}],"predecessor-version":[{"id":59443,"href":"https:\/\/kraftfinans.no\/sv\/wp-json\/wp\/v2\/pages\/59415\/revisions\/59443"}],"wp:featuredmedia":[{"embeddable":true,"href":"https:\/\/kraftfinans.no\/sv\/wp-json\/wp\/v2\/media\/59417"}],"wp:attachment":[{"href":"https:\/\/kraftfinans.no\/sv\/wp-json\/wp\/v2\/media?parent=59415"}],"curies":[{"name":"wp","href":"https:\/\/api.w.org\/{rel}","templated":true}]}}